{"id":146,"date":"2020-10-14T12:10:12","date_gmt":"2020-10-14T14:10:12","guid":{"rendered":"http:\/\/www.myrace.lt\/sauletekiomaratonas\/?page_id=146"},"modified":"2025-12-16T00:57:29","modified_gmt":"2025-12-15T22:57:29","slug":"archyvas","status":"publish","type":"page","link":"https:\/\/www.myrace.lt\/sauletekiomaratonas\/archyvas\/","title":{"rendered":"Archyvas"},"content":{"rendered":"<h2><span style=\"font-size: 24pt;\">VII-asis SAUL\u0116TEKIO maratonas (2025.12.14)<\/span><\/h2>\n<ul style=\"list-style-type: disc;\">\n<li><span style=\"color: #ff0000; font-size: 14pt;\"><a style=\"color: #ff0000;\" href=\"https:\/\/www.myrace.lt\/sauletekiomaratonas\/rezultatai-2025\/\" target=\"_blank\" rel=\"noopener\"><b>Rezultatai 2025<\/b><\/a><\/span><\/li>\n<li><span style=\"font-size: 14pt;\"><a href=\"https:\/\/www.facebook.com\/media\/set\/?set=a.1161207245993608&amp;type=3\"><strong><span style=\"color: #000080;\">Fotogalerija 2025<\/span><\/strong><\/a><\/span><\/li>\n<\/ul>\n<hr \/>\n<h2><span style=\"font-size: 24pt;\">VI-asis SAUL\u0116TEKIO maratonas (2024.12.01)<\/span><\/h2>\n<ul style=\"list-style-type: disc;\">\n<li><span style=\"color: #ff0000; font-size: 14pt;\"><a style=\"color: #ff0000;\" href=\"https:\/\/www.myrace.lt\/sauletekiomaratonas\/rezultatai-2024\/\" target=\"_blank\" rel=\"noopener\"><b>Rezultatai 2024<\/b><\/a><\/span><\/li>\n<li><span style=\"font-size: 14pt;\"><a href=\"https:\/\/www.facebook.com\/media\/set\/?vanity=100063130306278&amp;set=a.892139179567084\"><strong><span style=\"color: #000080;\">Fotogalerija 2024<\/span><\/strong><\/a><\/span><\/li>\n<\/ul>\n<hr \/>\n<h2><span style=\"font-size: 24pt;\">V-asis SAUL\u0116TEKIO maratonas (2023.12.03)<\/span><\/h2>\n<ul style=\"list-style-type: disc;\">\n<li><span style=\"color: #ff0000; font-size: 14pt;\"><a style=\"color: #ff0000;\" href=\"https:\/\/www.myrace.lt\/sauletekiomaratonas\/rezultatai-2023\/\" target=\"_blank\" rel=\"noopener\"><b>Rezultatai 2023<\/b><\/a><\/span><\/li>\n<li><span style=\"font-size: 14pt;\"><a href=\"https:\/\/www.facebook.com\/media\/set\/?set=a.679507544163583&amp;type=3\"><strong><span style=\"color: #000080;\">Fotogalerija 2023<\/span><\/strong><\/a><\/span><\/li>\n<li><span style=\"font-size: 14pt;\"><a href=\"https:\/\/youtu.be\/a2uuIHk97P4\"><strong><span style=\"color: #000080;\">Video<\/span><\/strong><\/a><\/span><\/li>\n<\/ul>\n<hr \/>\n<h2><span style=\"font-size: 24pt;\">IV-asis SAUL\u0116TEKIO maratonas (2022.12.04)<\/span><\/h2>\n<ul style=\"list-style-type: disc;\">\n<li><b><\/b><span style=\"font-size: 14pt;\"><a href=\"https:\/\/www.myrace.lt\/sauletekiomaratonas\/dalyviai-2022\/\" target=\"_blank\" rel=\"noopener\"><b>Dalyviai, u\u017esiregistrav\u0119 internetu<\/b><\/a><\/span><\/li>\n<li><span style=\"color: #ff0000; font-size: 14pt;\"><a style=\"color: #ff0000;\" href=\"https:\/\/www.myrace.lt\/sauletekiomaratonas\/rezultatai-2022\/\" target=\"_blank\" rel=\"noopener\"><b>Rezultatai 2022<\/b><\/a><\/span><\/li>\n<li><span style=\"font-size: 14pt;\"><a href=\"https:\/\/www.facebook.com\/media\/set\/?set=a.484021860378820&amp;type=3\"><strong><span style=\"color: #000080;\">Fotogalerija Nr.1<\/span><\/strong><\/a><\/span><\/li>\n<li><span style=\"font-size: 14pt;\"><a href=\"https:\/\/www.facebook.com\/media\/set\/?set=a.484181280362878&amp;type=3\"><strong><span style=\"color: #000080;\">Fotogalerija Nr.2<\/span><\/strong><\/a><\/span><\/li>\n<\/ul>\n<hr \/>\n<h2><span style=\"font-size: 24pt;\">III-asis SAUL\u0116TEKIO maratonas (2021.12.05)<\/span><\/h2>\n<ul style=\"list-style-type: disc;\">\n<li><b><\/b><span style=\"font-size: 14pt;\"><a href=\"https:\/\/www.myrace.lt\/sauletekiomaratonas\/dalyviai-2021\/\" target=\"_blank\" rel=\"noopener\"><b>Dalyviai, u\u017esiregistrav\u0119 internetu<\/b><\/a><\/span><\/li>\n<li><span style=\"color: #ff0000; font-size: 14pt;\"><a style=\"color: #ff0000;\" href=\"https:\/\/www.myrace.lt\/sauletekiomaratonas\/rezultatai-2021\/\" target=\"_blank\" rel=\"noopener\"><b>Rezultatai 2021<\/b><\/a><\/span><\/li>\n<li><span style=\"color: #000080; font-size: 14pt;\"><strong><a style=\"color: #000080;\" href=\"https:\/\/www.facebook.com\/media\/set\/?set=a.923899091836341&amp;type=3\">Fotogalerija 2021<\/a><\/strong><\/span><\/li>\n<\/ul>\n<hr \/>\n<h2><span style=\"font-size: 24pt;\">II-asis SAUL\u0116TEKIO maratonas (2019.12.01)<\/span><\/h2>\n<ul style=\"list-style-type: disc;\">\n<li><span style=\"font-size: 14pt;\"><strong><span style=\"color: #ff0000;\"><a style=\"color: #ff0000;\" href=\"https:\/\/dbsportas.lt\/lt\/varz\/2019210\" target=\"_blank\" rel=\"noopener\">Rezultatai 2019<\/a><\/span><\/strong><\/span><\/li>\n<li><span style=\"font-size: 14pt;\"><strong><span style=\"color: #000080;\"><a style=\"color: #000080;\" href=\"https:\/\/www.facebook.com\/media\/set\/?set=a.432604947632427&amp;type=3\" target=\"_blank\" rel=\"noopener\">Fotogalerija Nr.1<\/a><\/span><\/strong><\/span><\/li>\n<li><span style=\"font-size: 14pt;\"><strong><span style=\"color: #000080;\"><a style=\"color: #000080;\" href=\"https:\/\/www.facebook.com\/media\/set\/?set=a.432929727599949&amp;type=3\" target=\"_blank\" rel=\"noopener\">Fotogalerija Nr.2<\/a><\/span><\/strong><\/span><\/li>\n<li><span style=\"font-size: 14pt;\"><strong><span style=\"color: #000080;\"><a style=\"color: #000080;\" href=\"https:\/\/www.facebook.com\/media\/set\/?set=a.434521887440733&amp;type=3\" target=\"_blank\" rel=\"noopener\">Fotogalerija Nr.3<\/a><\/span><\/strong><\/span><\/li>\n<\/ul>\n<hr \/>\n<h2><span style=\"font-size: 24pt;\">I-asis SAUL\u0116TEKIO maratonas (2018.12.09)<\/span><\/h2>\n<ul style=\"list-style-type: disc;\">\n<li><b><\/b><span style=\"font-size: 14pt;\"><b><a href=\"https:\/\/www.myrace.lt\/sauletekiomaratonas\/dalyviai-2018\/\" target=\"_blank\" rel=\"noopener\">Dalyviai, u\u017esiregistrav\u0119 internetu<\/a><\/b><\/span><\/li>\n<li><span style=\"color: #000000; font-size: 14pt;\"><a style=\"color: #000000;\" href=\"https:\/\/www.lbma.lt\/files\/races\/2018-12-09_Sauletekio_maratonas_-_Running_The_World_rezultatai.xlsx\" target=\"_blank\" rel=\"noopener\"><span style=\"color: #ff0000;\"><b>Rezultatai 2018<\/b><\/span><\/a><\/span><\/li>\n<li><span style=\"font-size: 14pt;\"><strong><span style=\"color: #000080;\"><a style=\"color: #000080;\" href=\"https:\/\/www.facebook.com\/media\/set\/?set=a.334042627488660&amp;type=3\" target=\"_blank\" rel=\"noopener\">Fotogalerija 2018<\/a><\/span><\/strong><\/span><\/li>\n<\/ul>\n<p>Pasteb\u0117j\u0119 netikslum\u0173, prane\u0161kite\u00a0<a href=\"mailto:rezultatai@lbma.lt?subject=Registracija%20from%20web\">sauletekio.maratonas@gmail.com<\/a><\/p>\n","protected":false},"excerpt":{"rendered":"<p>VII-asis SAUL\u0116TEKIO maratonas (2025.12.14) Rezultatai 2025 Fotogalerija 2025 VI-asis SAUL\u0116TEKIO maratonas (2024.12.01) Rezultatai 2024 Fotogalerija 2024 V-asis SAUL\u0116TEKIO maratonas (2023.12.03) Rezultatai 2023 Fotogalerija 2023 Video IV-asis SAUL\u0116TEKIO maratonas (2022.12.04) Dalyviai, u\u017esiregistrav\u0119 internetu Rezultatai 2022 Fotogalerija Nr.1 Fotogalerija Nr.2 III-asis SAUL\u0116TEKIO maratonas (2021.12.05) Dalyviai, u\u017esiregistrav\u0119 internetu Rezultatai 2021 Fotogalerija 2021 II-asis SAUL\u0116TEKIO maratonas (2019.12.01) Rezultatai 2019 [&hellip;]<\/p>\n","protected":false},"author":1,"featured_media":0,"parent":0,"menu_order":0,"comment_status":"closed","ping_status":"closed","template":"","meta":{"footnotes":""},"class_list":["post-146","page","type-page","status-publish","hentry"],"_links":{"self":[{"href":"https:\/\/www.myrace.lt\/sauletekiomaratonas\/wp-json\/wp\/v2\/pages\/146","targetHints":{"allow":["GET"]}}],"collection":[{"href":"https:\/\/www.myrace.lt\/sauletekiomaratonas\/wp-json\/wp\/v2\/pages"}],"about":[{"href":"https:\/\/www.myrace.lt\/sauletekiomaratonas\/wp-json\/wp\/v2\/types\/page"}],"author":[{"embeddable":true,"href":"https:\/\/www.myrace.lt\/sauletekiomaratonas\/wp-json\/wp\/v2\/users\/1"}],"replies":[{"embeddable":true,"href":"https:\/\/www.myrace.lt\/sauletekiomaratonas\/wp-json\/wp\/v2\/comments?post=146"}],"version-history":[{"count":30,"href":"https:\/\/www.myrace.lt\/sauletekiomaratonas\/wp-json\/wp\/v2\/pages\/146\/revisions"}],"predecessor-version":[{"id":533,"href":"https:\/\/www.myrace.lt\/sauletekiomaratonas\/wp-json\/wp\/v2\/pages\/146\/revisions\/533"}],"wp:attachment":[{"href":"https:\/\/www.myrace.lt\/sauletekiomaratonas\/wp-json\/wp\/v2\/media?parent=146"}],"curies":[{"name":"wp","href":"https:\/\/api.w.org\/{rel}","templated":true}]}}