{"id":200,"date":"2022-06-26T01:31:27","date_gmt":"2022-06-25T22:31:27","guid":{"rendered":"https:\/\/www.myrace.lt\/alausomaratonas\/?page_id=200"},"modified":"2026-02-17T22:12:12","modified_gmt":"2026-02-17T20:12:12","slug":"archyvas","status":"publish","type":"page","link":"https:\/\/www.myrace.lt\/alausomaratonas\/archyvas\/","title":{"rendered":"Archyvas"},"content":{"rendered":"<h2><strong>V-asis Alau\u0161o maratonas (2025-06-23)<\/strong><\/h2>\n<ul>\n<li><strong><span style=\"font-size: 20px;\"><a href=\"https:\/\/www.myrace.lt\/alausomaratonas\/rezultatai\/rezultatai-v-alauso-maratonas-2025\/\" target=\"_blank\" rel=\"noopener noreferrer\">Rezultatai 2025<\/a><\/span><\/strong><\/li>\n<li><strong><span style=\"font-size: 20px; color: #0000ff;\"><a style=\"color: #0000ff;\" href=\"https:\/\/www.facebook.com\/media\/set\/?set=a.1398162461372926&amp;type=3\" target=\"_blank\" rel=\"noopener\">Fotogalerija. I albumas &#8211; Laisvalaikio fotografas<\/a><\/span><\/strong><\/li>\n<li><strong><span style=\"font-size: 20px; color: #0000ff;\"><a style=\"color: #0000ff;\" href=\"https:\/\/www.facebook.com\/media\/set\/?set=a.1399233544599151&amp;type=3\" target=\"_blank\" rel=\"noopener\">Fotogalerija. II albumas\u00a0 &#8211; Andrey Soyka<\/a><\/span><\/strong><\/li>\n<\/ul>\n<hr \/>\n<hr \/>\n<hr \/>\n<h2><strong>IV-asis Alau\u0161o maratonas (2024-06-23)<\/strong><\/h2>\n<ul>\n<li><strong><span style=\"font-size: 20px;\"><a href=\"https:\/\/www.myrace.lt\/alausomaratonas\/rezultatai-iv-alauso-maratonas\/\" target=\"_blank\" rel=\"noopener noreferrer\">Rezultatai 2024<\/a><\/span><\/strong><\/li>\n<li><strong><span style=\"font-size: 20px; color: #0000ff;\"><a style=\"color: #0000ff;\" href=\"https:\/\/www.facebook.com\/media\/set\/?set=a.1139842387204936&amp;type=3\" target=\"_blank\" rel=\"noopener\">Fotogalerija &#8211; Alius Sultanovas<\/a><\/span><\/strong><\/li>\n<\/ul>\n<hr \/>\n<hr \/>\n<hr \/>\n<h2><strong>III-asis Alau\u0161o maratonas (2023-06-24)<\/strong><\/h2>\n<ul>\n<li><strong><span style=\"font-size: 20px;\"><a href=\"https:\/\/www.myrace.lt\/alausomaratonas\/rezultatai\/rezultatai-iii-alauso-maratonas\/\" target=\"_blank\" rel=\"noopener noreferrer\">Rezultatai 2023 \/ diena<\/a><\/span><\/strong><\/li>\n<li><strong><span style=\"font-size: 20px; color: #0000ff;\"><a style=\"color: #0000ff;\" href=\"https:\/\/www.facebook.com\/media\/set\/?set=a.926501755205668&amp;type=3\" target=\"_blank\" rel=\"noopener\">Fotogalerija &#8211; Alius Sultanovas<\/a><\/span><\/strong><\/li>\n<li><span style=\"font-size: 24px;\"><strong><a href=\"https:\/\/sportas24.lt\/svarbu\/ir-diena-ir-nakti-vyke-alauso-maratonai-virsijo-lukescius\/\"><span style=\"color: #000080;\">MEDIA<\/span> <\/a><\/strong><\/span><\/li>\n<\/ul>\n<hr \/>\n<hr \/>\n<hr \/>\n<h2><strong>II-asis Alau\u0161o maratonas\/naktinis (2023-06-23)\u00a0<\/strong><\/h2>\n<ul>\n<li><strong><span style=\"font-size: 20px;\"><a href=\"https:\/\/www.myrace.lt\/alausomaratonas\/rezultatai\/rezultatai-ii-alauso-maratonas\/\" target=\"_blank\" rel=\"noopener noreferrer\">Rezultatai 2023 \/ naktinis<\/a><\/span><\/strong><\/li>\n<li><span style=\"font-size: 20px;\"><a href=\"https:\/\/www.myrace.lt\/alausomaratonas\/dalyviai\/dalyviai-2023-06-23\/\" target=\"_blank\" rel=\"noopener noreferrer\">Dalyviai, u\u017esiregistrav\u0119 internetu<\/a><\/span><\/li>\n<li><strong><span style=\"font-size: 20px; color: #0000ff;\"><a style=\"color: #0000ff;\" href=\"https:\/\/www.facebook.com\/media\/set\/?set=a.926245948564582&amp;type=3\" target=\"_blank\" rel=\"noopener\">Fotogalerija Nr.1 &#8211; Laisvalaikio fotografas<\/a><\/span><\/strong><\/li>\n<li><strong><span style=\"font-size: 20px; color: #0000ff;\"><a style=\"color: #0000ff;\" href=\"https:\/\/www.facebook.com\/media\/set\/?set=a.926411865214657&amp;type=3\" target=\"_blank\" rel=\"noopener\">Fotogalerija Nr.2 &#8211; Alius Sultanovas<\/a><\/span><\/strong><\/li>\n<li><span style=\"font-size: 24px; color: #000080;\"><strong><a style=\"color: #000080;\" href=\"https:\/\/sportas24.lt\/svarbu\/alauso-naktiniame-ir-dieniniame-maratonuose-visu-dalyviu-lauks-isskirtiniai-medaliai\/\">MEDIA<\/a><\/strong><\/span><\/li>\n<li><a href=\"https:\/\/www.youtube.com\/watch?v=tblOHyjehqE&amp;t=943s\"><span style=\"font-size: 24px;\"><strong>VIDEO -2023<\/strong><\/span><\/a><\/li>\n<\/ul>\n<hr \/>\n<hr \/>\n<hr \/>\n<h2><strong>I-asis Alau\u0161o maratonas (2022-06-23)<\/strong><\/h2>\n<ul>\n<li><span style=\"font-size: 20px;\"><a href=\"https:\/\/dbsportas.lt\/en\/varz\/2022101\" target=\"_blank\" rel=\"noopener noreferrer\"><strong>Rezultatai (DBSportas) \u2013 202<\/strong>2<\/a><\/span><\/li>\n<li><span style=\"font-size: 20px;\"><a href=\"https:\/\/www.myrace.lt\/alausomaratonas\/nuostatai\/\" target=\"_blank\" rel=\"noopener\">Nuostatai (2022)<\/a><\/span><\/li>\n<li><span style=\"font-size: 20px;\"><a href=\"https:\/\/www.myrace.lt\/alausomaratonas\/dalyviai\/\" target=\"_blank\" rel=\"noopener noreferrer\">Dalyviai, u\u017esiregistrav\u0119 internetu<\/a><\/span><\/li>\n<li><strong><span style=\"font-size: 20px;\"><a href=\"https:\/\/www.facebook.com\/media\/set?set=a.3124023341190559&amp;type=3\" target=\"_blank\" rel=\"noopener\">Fotogalerija<\/a><\/span><\/strong><\/li>\n<li><span style=\"font-size: 24px;\"><strong><a href=\"https:\/\/www.sportas.info\/kitas-sportas\/joniniu-naktis-begimo-ritmu-pirmajame-alauso-maratone-jegas-isbande-apie-300-sportininku\/\">MEDIA<\/a><\/strong><\/span><\/li>\n<li><a href=\"https:\/\/www.youtube.com\/watch?v=dNUhaBV-S2o\"><strong><span style=\"font-size: 24px; color: #000080;\">VIDEO- promo-2024<\/span><\/strong><\/a><\/li>\n<li><a href=\"https:\/\/www.youtube.com\/watch?v=lLm-Hw0gPlg\"><strong><span style=\"font-size: 24px; color: #000080;\">VIDEO -Alau\u0161o maratonas 2023<\/span><\/strong><\/a><\/li>\n<li><a href=\"https:\/\/www.youtube.com\/watch?v=U9WPya5miF0&amp;t=62s\"><strong><span style=\"font-size: 24px; color: #000080;\">VIDEO &#8211; Utenos komanda u\u017e\u0161aud\u0117 atakom<\/span><\/strong><\/a><\/li>\n<li><a href=\"https:\/\/www.youtube.com\/watch?v=oMGdU8QvY7U\"><strong><span style=\"font-size: 24px; color: #000080;\">VIDEO -Vilkmerg\u0117s velomanai<\/span><\/strong><\/a><\/li>\n<\/ul>\n","protected":false},"excerpt":{"rendered":"<p>V-asis Alau\u0161o maratonas (2025-06-23) Rezultatai 2025 Fotogalerija. I albumas &#8211; Laisvalaikio fotografas Fotogalerija. II albumas\u00a0 &#8211; Andrey Soyka IV-asis Alau\u0161o maratonas (2024-06-23) Rezultatai 2024 Fotogalerija &#8211; Alius Sultanovas III-asis Alau\u0161o maratonas (2023-06-24) Rezultatai 2023 \/ diena Fotogalerija &#8211; Alius Sultanovas MEDIA II-asis Alau\u0161o maratonas\/naktinis (2023-06-23)\u00a0 Rezultatai 2023 \/ naktinis Dalyviai, u\u017esiregistrav\u0119 internetu Fotogalerija Nr.1 &#8211; [&hellip;]<\/p>\n","protected":false},"author":2,"featured_media":0,"parent":0,"menu_order":0,"comment_status":"closed","ping_status":"closed","template":"","meta":{"footnotes":""},"class_list":["post-200","page","type-page","status-publish","hentry"],"_links":{"self":[{"href":"https:\/\/www.myrace.lt\/alausomaratonas\/wp-json\/wp\/v2\/pages\/200","targetHints":{"allow":["GET"]}}],"collection":[{"href":"https:\/\/www.myrace.lt\/alausomaratonas\/wp-json\/wp\/v2\/pages"}],"about":[{"href":"https:\/\/www.myrace.lt\/alausomaratonas\/wp-json\/wp\/v2\/types\/page"}],"author":[{"embeddable":true,"href":"https:\/\/www.myrace.lt\/alausomaratonas\/wp-json\/wp\/v2\/users\/2"}],"replies":[{"embeddable":true,"href":"https:\/\/www.myrace.lt\/alausomaratonas\/wp-json\/wp\/v2\/comments?post=200"}],"version-history":[{"count":23,"href":"https:\/\/www.myrace.lt\/alausomaratonas\/wp-json\/wp\/v2\/pages\/200\/revisions"}],"predecessor-version":[{"id":494,"href":"https:\/\/www.myrace.lt\/alausomaratonas\/wp-json\/wp\/v2\/pages\/200\/revisions\/494"}],"wp:attachment":[{"href":"https:\/\/www.myrace.lt\/alausomaratonas\/wp-json\/wp\/v2\/media?parent=200"}],"curies":[{"name":"wp","href":"https:\/\/api.w.org\/{rel}","templated":true}]}}